{"id":8415,"date":"2026-04-26T12:16:18","date_gmt":"2026-04-26T10:16:18","guid":{"rendered":"https:\/\/clemencedevienne.com\/?page_id=8415"},"modified":"2026-04-27T10:39:45","modified_gmt":"2026-04-27T08:39:45","slug":"gisle-pelicot","status":"publish","type":"page","link":"https:\/\/clemencedevienne.com\/index.php\/en\/gisle-pelicot\/","title":{"rendered":"Gis\u00e8le Pelicot"},"content":{"rendered":"<p>[vc_row content_text_aligment=\u00a0\u00bb\u00a0\u00bb use_row_as_full_screen_section=\u00a0\u00bbno\u00a0\u00bb el_class=\u00a0\u00bbtexte-mobile-aligne\u00a0\u00bb][vc_column width=\u00a0\u00bb1\/2&Prime;][vc_column_text css=\u00a0\u00bb.vc_custom_1777199793974{padding-left: 30px !important;}\u00a0\u00bb]<\/p>\n<p class=\"p1\"><span class=\"s1\">J\u2019ai d\u00e9couvert Gis\u00e8le Pelicot et j\u2019ai \u00e9t\u00e9 profond\u00e9ment touch\u00e9e par la force de son histoire. Elle incarne aujourd\u2019hui une figure marquante dans la lutte contre les violences sexuelles, mais aussi une forme de r\u00e9silience qui d\u00e9passe le r\u00e9cit individuel.<\/span><\/p>\n<p class=\"p1\"><span class=\"s1\">\u00c0 travers une s\u00e9rie de portraits, j\u2019ai souhait\u00e9 mettre en lumi\u00e8re cette force int\u00e9rieure, cette dignit\u00e9 qui persiste malgr\u00e9 l\u2019\u00e9preuve. Mon intention n\u2019est pas de repr\u00e9senter la violence, mais de d\u00e9placer le regard vers ce qui demeure : la pr\u00e9sence, la r\u00e9sistance, la vie.<\/span><\/p>\n<p>[\/vc_column_text][\/vc_column][vc_column width=\u00a0\u00bb1\/2&Prime;][vc_column_text]<\/p>\n<p class=\"p1\"><span class=\"s1\">Le choix de fonds color\u00e9s participe de cette d\u00e9marche. La couleur agit comme un espace de lumi\u00e8re et de reconstruction, venant affirmer une \u00e9nergie positive et vibrante.<\/span><\/p>\n<p class=\"p1\"><span class=\"s1\">Ce travail s\u2019inscrit dans une recherche o\u00f9 le portrait devient un geste \u00e0 la fois sensible et engag\u00e9, visant \u00e0 redonner visibilit\u00e9 et puissance \u00e0 celles dont les histoires doivent \u00eatre entendues autrement.<\/span><\/p>\n<p>[\/vc_column_text][\/vc_column][\/vc_row][vc_row content_text_aligment=\u00a0\u00bb\u00a0\u00bb use_row_as_full_screen_section=\u00a0\u00bbno\u00a0\u00bb css=\u00a0\u00bb.vc_custom_1510250040590{padding-top: 67px !important;}\u00a0\u00bb][vc_column width=\u00a0\u00bb1\/3&Prime;][vc_single_image image=\u00a0\u00bb8416&Prime; img_size=\u00a0\u00bbfull\u00a0\u00bb el_class=\u00a0\u00bbportrait-uniform\u00a0\u00bb][vc_column_text]<\/p>\n<p style=\"text-align: center;\">Gis\u00e8le Pelicot n\u00b01<\/p>\n<p>[\/vc_column_text][\/vc_column][vc_column width=\u00a0\u00bb1\/3&Prime;][vc_single_image image=\u00a0\u00bb8425&Prime; img_size=\u00a0\u00bbfull\u00a0\u00bb el_class=\u00a0\u00bbportrait-uniform\u00a0\u00bb][vc_column_text]<\/p>\n<p style=\"text-align: center;\">Gis\u00e8le Pelicot n\u00b02<\/p>\n<p>[\/vc_column_text][\/vc_column][vc_column width=\u00a0\u00bb1\/3&Prime;][vc_single_image image=\u00a0\u00bb8418&Prime; img_size=\u00a0\u00bbfull\u00a0\u00bb el_class=\u00a0\u00bbportrait-uniform\u00a0\u00bb][vc_column_text]<\/p>\n<p style=\"text-align: center;\">Gis\u00e8le Pelicot n\u00b03<\/p>\n<p>[\/vc_column_text][\/vc_column][\/vc_row][vc_row content_text_aligment=\u00a0\u00bb\u00a0\u00bb use_row_as_full_screen_section=\u00a0\u00bbno\u00a0\u00bb css=\u00a0\u00bb.vc_custom_1510250040590{padding-top: 67px !important;}\u00a0\u00bb][vc_column width=\u00a0\u00bb1\/3&Prime;][vc_single_image image=\u00a0\u00bb8419&Prime; img_size=\u00a0\u00bbfull\u00a0\u00bb el_class=\u00a0\u00bbportrait-uniform\u00a0\u00bb][vc_column_text]<\/p>\n<p style=\"text-align: center;\">Gis\u00e8le Pelicot n\u00b04<\/p>\n<p>[\/vc_column_text][\/vc_column][vc_column width=\u00a0\u00bb1\/3&Prime;][vc_single_image image=\u00a0\u00bb8427&Prime; img_size=\u00a0\u00bbfull\u00a0\u00bb el_class=\u00a0\u00bbportrait-uniform\u00a0\u00bb][vc_column_text]<\/p>\n<p style=\"text-align: center;\">Gis\u00e8le Pelicot n\u00b05<\/p>\n<p>[\/vc_column_text][\/vc_column][vc_column width=\u00a0\u00bb1\/3&Prime;][vc_single_image image=\u00a0\u00bb8434&Prime; img_size=\u00a0\u00bbfull\u00a0\u00bb el_class=\u00a0\u00bbportrait-uniform\u00a0\u00bb][vc_column_text]<\/p>\n<p style=\"text-align: center;\">Gis\u00e8le Pelicot n\u00b06<\/p>\n<p>[\/vc_column_text][\/vc_column][\/vc_row][vc_row content_text_aligment=\u00a0\u00bb\u00a0\u00bb use_row_as_full_screen_section=\u00a0\u00bbno\u00a0\u00bb][vc_column][vc_empty_space height=\u00a0\u00bb62px\u00a0\u00bb][\/vc_column][\/vc_row]<\/p>\n","protected":false},"excerpt":{"rendered":"<p>[vc_row content_text_aligment=\u00a0\u00bb\u00a0\u00bb use_row_as_full_screen_section=\u00a0\u00bbno\u00a0\u00bb el_class=\u00a0\u00bbtexte-mobile-aligne\u00a0\u00bb][vc_column width=\u00a0\u00bb1\/2&Prime;][vc_column_text css=\u00a0\u00bb.vc_custom_1777199793974{padding-left: 30px !important;}\u00a0\u00bb] J\u2019ai d\u00e9couvert Gis\u00e8le Pelicot et j\u2019ai \u00e9t\u00e9 profond\u00e9ment touch\u00e9e par la force de son histoire. Elle incarne aujourd\u2019hui une figure marquante dans la lutte contre les violences sexuelles, mais aussi une forme de r\u00e9silience qui d\u00e9passe le [&hellip;]<\/p>\n","protected":false},"author":1,"featured_media":0,"parent":0,"menu_order":0,"comment_status":"closed","ping_status":"closed","template":"","meta":{"footnotes":""},"class_list":["post-8415","page","type-page","status-publish","hentry"],"_links":{"self":[{"href":"https:\/\/clemencedevienne.com\/index.php\/wp-json\/wp\/v2\/pages\/8415","targetHints":{"allow":["GET"]}}],"collection":[{"href":"https:\/\/clemencedevienne.com\/index.php\/wp-json\/wp\/v2\/pages"}],"about":[{"href":"https:\/\/clemencedevienne.com\/index.php\/wp-json\/wp\/v2\/types\/page"}],"author":[{"embeddable":true,"href":"https:\/\/clemencedevienne.com\/index.php\/wp-json\/wp\/v2\/users\/1"}],"replies":[{"embeddable":true,"href":"https:\/\/clemencedevienne.com\/index.php\/wp-json\/wp\/v2\/comments?post=8415"}],"version-history":[{"count":7,"href":"https:\/\/clemencedevienne.com\/index.php\/wp-json\/wp\/v2\/pages\/8415\/revisions"}],"predecessor-version":[{"id":8446,"href":"https:\/\/clemencedevienne.com\/index.php\/wp-json\/wp\/v2\/pages\/8415\/revisions\/8446"}],"wp:attachment":[{"href":"https:\/\/clemencedevienne.com\/index.php\/wp-json\/wp\/v2\/media?parent=8415"}],"curies":[{"name":"wp","href":"https:\/\/api.w.org\/{rel}","templated":true}]}}