{"id":710,"date":"2016-06-20T09:59:36","date_gmt":"2016-06-20T09:59:36","guid":{"rendered":"http:\/\/assemble.edge-themes.com\/?page_id=710"},"modified":"2026-04-16T16:33:33","modified_gmt":"2026-04-16T14:33:33","slug":"a-propos","status":"publish","type":"page","link":"https:\/\/clemencedevienne.com\/index.php\/fr\/a-propos\/","title":{"rendered":"D\u00e9marche artistique"},"content":{"rendered":"<p>[vc_row content_text_aligment=\u00a0\u00bb\u00a0\u00bb use_row_as_full_screen_section=\u00a0\u00bbno\u00a0\u00bb][vc_column][vc_empty_space height=\u00a0\u00bb129px\u00a0\u00bb][\/vc_column][\/vc_row][vc_row content_text_aligment=\u00a0\u00bb\u00a0\u00bb use_row_as_full_screen_section=\u00a0\u00bbno\u00a0\u00bb][vc_column width=\u00a0\u00bb1\/3&Prime; css=\u00a0\u00bb.vc_custom_1776349893493{margin-right: 10px !important;margin-bottom: 10px !important;margin-left: 10px !important;}\u00a0\u00bb][vc_column_text css=\u00a0\u00bb.vc_custom_1776349955799{padding-right: 30px !important;padding-left: 30px !important;}\u00a0\u00bb]<\/p>\n<p class=\"p1\"><span class=\"s1\">Ma pratique artistique s\u2019inscrit dans une volont\u00e9 de rendre perceptibles des subjectivit\u00e9s maintenues \u00e0 la lisi\u00e8re du visible, des existences dont la pr\u00e9sence est \u00e0 la fois attest\u00e9e et continuellement minor\u00e9e par les r\u00e9gimes dominants de repr\u00e9sentation. \u00c0 travers le portrait \u2014 envisag\u00e9 comme un dispositif critique plut\u00f4t que comme une simple transcription \u2014 je resserre progressivement le cadrage jusqu\u2019\u00e0 produire des formes de proximit\u00e9 presque intrusives. Peinture et sculpture deviennent ainsi des espaces de tension o\u00f9 s\u2019\u00e9labore une image instable, en suspens. Je cherche \u00e0 faire \u00e9merger une zone interm\u00e9diaire, un seuil o\u00f9 se rejouent les dynamiques de visibilit\u00e9 et d\u2019effacement, de m\u00e9moire et d\u2019oubli. Le portrait agit d\u00e8s lors comme une forme de duplication alt\u00e9r\u00e9e : une figure-jumeau. En tant que jumelle, cette question du double traverse profond\u00e9ment mon travail ; elle engage une r\u00e9flexion sur la r\u00e9p\u00e9tition, la variation et la disjonction, comme si chaque \u0153uvre tentait de produire une pr\u00e9sence autre, \u00e0 la fois famili\u00e8re et irr\u00e9ductiblement \u00e9trang\u00e8re.<\/span><\/p>\n<p>[\/vc_column_text][\/vc_column][vc_column width=\u00a0\u00bb1\/3&Prime;][vc_column_text css=\u00a0\u00bb.vc_custom_1776349986596{border-top-width: 30px !important;border-right-width: 30px !important;padding-left: 30px !important;}\u00a0\u00bb]<\/p>\n<p class=\"p1\"><span class=\"s1\">Les figures que je convoque \u2014 personnes noires inscrites dans les traditions de la Nouvelle-Orl\u00e9ans, r\u00e9fugi\u00e9s, anciens combattants, individus travers\u00e9s par des troubles psychiques, femmes artistes \u2014 ne rel\u00e8vent pas d\u2019une typologie mais d\u2019une constellation d\u2019exp\u00e9riences situ\u00e9es. Je m\u2019attache moins \u00e0 restituer une ressemblance qu\u2019\u00e0 capter des intensit\u00e9s affectives, des \u00e9tats de tension, des formes de vuln\u00e9rabilit\u00e9 et de r\u00e9sistance. La mati\u00e8re picturale se fait alors vecteur d\u2019une expressivit\u00e9 qui exc\u00e8de la simple figuration, tandis que la sculpture prolonge cette recherche en donnant corps \u00e0 des pr\u00e9sences \u00e0 la fois incarn\u00e9es et fragmentaires. Il s\u2019agit de d\u00e9placer le regard, de le contraindre \u00e0 s\u2019attarder dans des zones d\u2019ind\u00e9termination o\u00f9 les identit\u00e9s ne se laissent pas fixer, mais apparaissent comme des processus en devenir, travers\u00e9s par des r\u00e9cits multiples et parfois contradictoires.<\/span><\/p>\n<p>[\/vc_column_text][\/vc_column][vc_column width=\u00a0\u00bb1\/3&Prime;][vc_column_text css=\u00a0\u00bb.vc_custom_1776350010048{padding-right: 30px !important;padding-bottom: 30px !important;padding-left: 30px !important;}\u00a0\u00bb]<\/p>\n<p class=\"p1\"><span class=\"s1\">Mon travail entre en r\u00e9sonance avec les approches d\u2019Alice Neel, en ce qu\u2019il interroge les constructions sociales et psychiques de l\u2019identit\u00e9. \u00c0 l\u2019instar de cette artiste, je consid\u00e8re le portrait comme un espace de n\u00e9gociation entre int\u00e9riorit\u00e9 et projection, entre assignation et r\u00e9invention. L\u00e0 o\u00f9 Alice Neel engage une frontalit\u00e9 empathique envers ses mod\u00e8les, mon travail tente d\u2019articuler une double dynamique : rendre visibles des pr\u00e9sences marginalis\u00e9es tout en mettant en crise les cadres m\u00eames de leur visibilit\u00e9. Il en r\u00e9sulte des \u0153uvres qui ne livrent pas une identit\u00e9 stable, mais ouvrent un champ de possibles, o\u00f9 le sujet se diffracte, se rejoue et se reconfigure dans une instabilit\u00e9 constitutive.<\/span><\/p>\n<p>[\/vc_column_text][\/vc_column][\/vc_row][vc_row content_text_aligment=\u00a0\u00bb\u00a0\u00bb use_row_as_full_screen_section=\u00a0\u00bbno\u00a0\u00bb css=\u00a0\u00bb.vc_custom_1487592426209{padding-right: 20px !important;}\u00a0\u00bb][vc_column][\/vc_column][\/vc_row][vc_row content_text_aligment=\u00a0\u00bb\u00a0\u00bb use_row_as_full_screen_section=\u00a0\u00bbno\u00a0\u00bb][vc_column][vc_empty_space height=\u00a0\u00bb142px\u00a0\u00bb][\/vc_column][\/vc_row]<\/p>\n","protected":false},"excerpt":{"rendered":"<p>[vc_row content_text_aligment=\u00a0\u00bb\u00a0\u00bb use_row_as_full_screen_section=\u00a0\u00bbno\u00a0\u00bb][vc_column][vc_empty_space height=\u00a0\u00bb129px\u00a0\u00bb][\/vc_column][\/vc_row][vc_row content_text_aligment=\u00a0\u00bb\u00a0\u00bb use_row_as_full_screen_section=\u00a0\u00bbno\u00a0\u00bb][vc_column width=\u00a0\u00bb1\/3&Prime; css=\u00a0\u00bb.vc_custom_1776349893493{margin-right: 10px !important;margin-bottom: 10px !important;margin-left: 10px !important;}\u00a0\u00bb][vc_column_text css=\u00a0\u00bb.vc_custom_1776349955799{padding-right: 30px !important;padding-left: 30px !important;}\u00a0\u00bb] Ma pratique artistique s\u2019inscrit dans une volont\u00e9 de rendre perceptibles des subjectivit\u00e9s maintenues \u00e0 la lisi\u00e8re du visible, des existences dont la pr\u00e9sence est \u00e0 la [&hellip;]<\/p>\n","protected":false},"author":1,"featured_media":0,"parent":0,"menu_order":0,"comment_status":"closed","ping_status":"closed","template":"full-width.php","meta":{"footnotes":""},"class_list":["post-710","page","type-page","status-publish","hentry"],"_links":{"self":[{"href":"https:\/\/clemencedevienne.com\/index.php\/wp-json\/wp\/v2\/pages\/710","targetHints":{"allow":["GET"]}}],"collection":[{"href":"https:\/\/clemencedevienne.com\/index.php\/wp-json\/wp\/v2\/pages"}],"about":[{"href":"https:\/\/clemencedevienne.com\/index.php\/wp-json\/wp\/v2\/types\/page"}],"author":[{"embeddable":true,"href":"https:\/\/clemencedevienne.com\/index.php\/wp-json\/wp\/v2\/users\/1"}],"replies":[{"embeddable":true,"href":"https:\/\/clemencedevienne.com\/index.php\/wp-json\/wp\/v2\/comments?post=710"}],"version-history":[{"count":174,"href":"https:\/\/clemencedevienne.com\/index.php\/wp-json\/wp\/v2\/pages\/710\/revisions"}],"predecessor-version":[{"id":8375,"href":"https:\/\/clemencedevienne.com\/index.php\/wp-json\/wp\/v2\/pages\/710\/revisions\/8375"}],"wp:attachment":[{"href":"https:\/\/clemencedevienne.com\/index.php\/wp-json\/wp\/v2\/media?parent=710"}],"curies":[{"name":"wp","href":"https:\/\/api.w.org\/{rel}","templated":true}]}}