{"id":6261,"date":"2017-04-12T20:31:36","date_gmt":"2017-04-12T18:31:36","guid":{"rendered":"http:\/\/clemencedevienne.com\/?page_id=6261"},"modified":"2026-04-16T17:16:06","modified_gmt":"2026-04-16T15:16:06","slug":"publications","status":"publish","type":"page","link":"https:\/\/clemencedevienne.com\/index.php\/fr\/publications\/","title":{"rendered":"Biographie"},"content":{"rendered":"<p>[vc_row content_text_aligment=\u00a0\u00bb\u00a0\u00bb use_row_as_full_screen_section=\u00a0\u00bbno\u00a0\u00bb][vc_column width=\u00a0\u00bb1\/3&Prime;][vc_column_text]Cl\u00e9mence Devienne est n\u00e9e en 1980.<br \/>\nTr\u00e8s t\u00f4t, d\u00e8s l\u2019\u00e2ge de cinq ans, elle manifeste un profond d\u00e9sir de cr\u00e9ation en demandant \u00e0 suivre des cours de peinture et de dessin. C\u2019est \u00e0 travers la technique de l\u2019huile qu\u2019elle fait ses premiers pas, d\u00e9veloppant un rapport intime avec la mati\u00e8re et les couleurs.<\/p>\n<p>En 2013, elle entame une s\u00e9rie de paysages inspir\u00e9s de Tahiti, r\u00e9alis\u00e9s d\u2019apr\u00e8s les diapositives de son grand-p\u00e8re prises lors de son s\u00e9jour d\u2019un an dans la marine. Ces \u0153uvres traduisent \u00e0 la fois un hommage personnel et une exploration de la m\u00e9moire familiale, o\u00f9 l\u2019image photographique se transforme en peinture vibrante.<\/p>\n<p>\u00c0 partir de 2015, son travail s\u2019oriente r\u00e9solument vers le portrait. Elle d\u00e9veloppe plusieurs s\u00e9ries marqu\u00e9es par un fort engagement humain et social : un projet \u00e0 la Nouvelle-Orl\u00e9ans autour des gardiens des traditions locales, une s\u00e9rie consacr\u00e9e aux r\u00e9fugi\u00e9s du camp de Stalingrad \u00e0 Paris, ou encore des portraits d\u2019anciens combattants, t\u00e9moins de m\u00e9moires collectives.[\/vc_column_text][\/vc_column][vc_column width=\u00a0\u00bb1\/3&Prime;][vc_column_text]Cl\u00e9mence Devienne a toujours \u00e9t\u00e9 plong\u00e9e dans un univers familial li\u00e9 \u00e0 la sant\u00e9 mentale. A l&rsquo;\u00e9t\u00e9 2025, lors d&rsquo;une r\u00e9sidence \u00e0 Openbach, Cl\u00e9mence Devienne s\u2019attache \u00e0 traduire les \u00e9motions intenses et les fragilit\u00e9s de l\u2019\u00e2me. Dans sa s\u00e9rie sur la folie, les visages se m\u00e9tamorphosent, se dissolvent parfois, laissant appara\u00eetre l\u2019ombre de la maladie. L\u2019abstraction se m\u00eale alors au figuratif, ou l\u2019efface enti\u00e8rement, pour mieux sugg\u00e9rer ce passage dans un \u00e9tat second. Aujourd&rsquo;hui Cl\u00e9mence Devienne travaille sur des portraits de Gis\u00e8le Pelicot et sur les femmes artistes.<\/p>\n<p>\u00c0 travers ses \u0153uvres, Cl\u00e9mence Devienne explore les fronti\u00e8res mouvantes entre identit\u00e9, m\u00e9moire et alt\u00e9rit\u00e9, donnant \u00e0 voir l\u2019invisible et l\u2019indicible, et pla\u00e7ant l\u2019humain au c\u0153ur de sa d\u00e9marche artistique.[\/vc_column_text][\/vc_column][vc_column width=\u00a0\u00bb1\/3&Prime;][vc_single_image image=\u00a0\u00bb8306&Prime; img_size=\u00a0\u00bblarge\u00a0\u00bb][\/vc_column][\/vc_row][vc_row content_text_aligment=\u00a0\u00bb\u00a0\u00bb use_row_as_full_screen_section=\u00a0\u00bbno\u00a0\u00bb][vc_column][vc_empty_space height=\u00a0\u00bb322px\u00a0\u00bb][\/vc_column][\/vc_row]<\/p>\n","protected":false},"excerpt":{"rendered":"<p>[vc_row content_text_aligment=\u00a0\u00bb\u00a0\u00bb use_row_as_full_screen_section=\u00a0\u00bbno\u00a0\u00bb][vc_column width=\u00a0\u00bb1\/3&Prime;][vc_column_text]Cl\u00e9mence Devienne est n\u00e9e en 1980. Tr\u00e8s t\u00f4t, d\u00e8s l\u2019\u00e2ge de cinq ans, elle manifeste un profond d\u00e9sir de cr\u00e9ation en demandant \u00e0 suivre des cours de peinture et de dessin. C\u2019est \u00e0 travers la technique de l\u2019huile qu\u2019elle fait ses premiers [&hellip;]<\/p>\n","protected":false},"author":1,"featured_media":0,"parent":0,"menu_order":0,"comment_status":"closed","ping_status":"closed","template":"","meta":{"footnotes":""},"class_list":["post-6261","page","type-page","status-publish","hentry"],"_links":{"self":[{"href":"https:\/\/clemencedevienne.com\/index.php\/wp-json\/wp\/v2\/pages\/6261","targetHints":{"allow":["GET"]}}],"collection":[{"href":"https:\/\/clemencedevienne.com\/index.php\/wp-json\/wp\/v2\/pages"}],"about":[{"href":"https:\/\/clemencedevienne.com\/index.php\/wp-json\/wp\/v2\/types\/page"}],"author":[{"embeddable":true,"href":"https:\/\/clemencedevienne.com\/index.php\/wp-json\/wp\/v2\/users\/1"}],"replies":[{"embeddable":true,"href":"https:\/\/clemencedevienne.com\/index.php\/wp-json\/wp\/v2\/comments?post=6261"}],"version-history":[{"count":34,"href":"https:\/\/clemencedevienne.com\/index.php\/wp-json\/wp\/v2\/pages\/6261\/revisions"}],"predecessor-version":[{"id":8388,"href":"https:\/\/clemencedevienne.com\/index.php\/wp-json\/wp\/v2\/pages\/6261\/revisions\/8388"}],"wp:attachment":[{"href":"https:\/\/clemencedevienne.com\/index.php\/wp-json\/wp\/v2\/media?parent=6261"}],"curies":[{"name":"wp","href":"https:\/\/api.w.org\/{rel}","templated":true}]}}